{"id":7282,"date":"2016-04-20T16:38:44","date_gmt":"2016-04-20T14:38:44","guid":{"rendered":"https:\/\/www.kostuemverleih.com\/?post_type=product&#038;p=7282"},"modified":"2023-12-02T06:01:51","modified_gmt":"2023-12-02T04:01:51","slug":"jahrhundertwende-sakko-senfgelb","status":"publish","type":"product","link":"https:\/\/www.kostuemebreuer.de\/english\/produkt\/jahrhundertwende-sakko-senfgelb\/","title":{"rendered":"Jahrhundertwende \u2013 Biedermeier Outfit \u2013 Herren \u2013 Senfgelb (Weste und Plastron)"},"content":{"rendered":"<p>Jahrhundertwende \u2013 Biedermeier Outfit \u2013 Herren \u2013 Senfgelb, bestehend aus einer dunkelblauen Weste mit goldenen Kn\u00f6pfen und einem blauen Plastron, wahlweise erweiterbar mit einem wei\u00dfen Hemd und einer Hose (Paket 2), sowie einem senfgelben Sakko. (Paket 3)<\/p>\n<p>&nbsp;<\/p>\n<p>&nbsp;<\/p>\n","protected":false},"excerpt":{"rendered":"<p>Jahrhundertwende \u2013 Biedermeier Outfit \u2013 Herren \u2013 Senfgelb, bestehend aus einer dunkelblauen Weste mit goldenen Kn\u00f6pfen und einem blauen Plastron, wahlweise erweiterbar mit einem wei\u00dfen Hemd und einer Hose (Paket 2), sowie einem senfgelben Sakko. (Paket 3)<\/p>\n","protected":false},"featured_media":7283,"template":"","meta":{"_acf_changed":false},"product_brand":[],"product_cat":[226,33,29],"product_tag":[216,84,118],"class_list":{"0":"post-7282","1":"product","2":"type-product","3":"status-publish","4":"has-post-thumbnail","6":"product_cat-aussergewoehnlichesherren","7":"product_cat-herrenmode","8":"product_cat-kostueme","9":"product_tag-biedermeier","10":"product_tag-gelb","11":"product_tag-jahrhundertwende","12":"product_shipping_class-versandklasse-2","13":"infinite-scroll-item","15":"first","16":"instock","17":"taxable","18":"shipping-taxable","19":"purchasable","20":"product-type-simple"},"yoast_head":"<!-- This site is optimized with the Yoast SEO plugin v27.2 - https:\/\/yoast.com\/product\/yoast-seo-wordpress\/ -->\n<title>Jahrhundertwende \u2013 Biedermeier Outfit \u2013 Herren \u2013 Senfgelb (Weste und Plastron) - Costumes Breuer<\/title>\n<meta name=\"description\" content=\"Jahrhundertwende \u2013 Biedermeier Outfit \u2013 Herren \u2013 Senfgelb, bestehend aus einer dunkelblauen Weste mit goldenen Kn\u00f6pfen und einem blauen Plastron, wahlweise erweiterbar mit einem wei\u00dfen Hemd und einer Hose (Paket 2), sowie einem senfgelben Sakko. (Paket 3)\" \/>\n<meta name=\"robots\" content=\"index, follow, max-snippet:-1, max-image-preview:large, max-video-preview:-1\" \/>\n<link rel=\"canonical\" href=\"https:\/\/www.kostuemebreuer.de\/english\/produkt\/jahrhundertwende-sakko-senfgelb\/\" \/>\n<meta property=\"og:locale\" content=\"en_GB\" \/>\n<meta property=\"og:type\" content=\"article\" \/>\n<meta property=\"og:title\" content=\"Jahrhundertwende \u2013 Biedermeier Outfit \u2013 Herren \u2013 Senfgelb (Weste und Plastron) - Costumes Breuer\" \/>\n<meta property=\"og:description\" content=\"Jahrhundertwende \u2013 Biedermeier Outfit \u2013 Herren \u2013 Senfgelb, bestehend aus einer dunkelblauen Weste mit goldenen Kn\u00f6pfen und einem blauen Plastron, wahlweise erweiterbar mit einem wei\u00dfen Hemd und einer Hose (Paket 2), sowie einem senfgelben Sakko. (Paket 3)\" \/>\n<meta property=\"og:url\" content=\"https:\/\/www.kostuemebreuer.de\/english\/produkt\/jahrhundertwende-sakko-senfgelb\/\" \/>\n<meta property=\"og:site_name\" content=\"Costumes Breuer\" \/>\n<meta property=\"article:publisher\" content=\"https:\/\/www.facebook.com\/Kostuemebreuer\/?locale=de_DE\" \/>\n<meta property=\"article:modified_time\" content=\"2023-12-02T04:01:51+00:00\" \/>\n<meta property=\"og:image\" content=\"https:\/\/www.kostuemebreuer.de\/english\/wp-content\/uploads\/sites\/6\/Sakko-gelb-kariert.jpg\" \/>\n\t<meta property=\"og:image:width\" content=\"443\" \/>\n\t<meta property=\"og:image:height\" content=\"800\" \/>\n\t<meta property=\"og:image:type\" content=\"image\/jpeg\" \/>\n<meta name=\"twitter:card\" content=\"summary_large_image\" \/>\n<script type=\"application\/ld+json\" class=\"yoast-schema-graph\">{\"@context\":\"https:\/\/schema.org\",\"@graph\":[{\"@type\":\"WebPage\",\"@id\":\"https:\/\/www.kostuemebreuer.de\/english\/produkt\/jahrhundertwende-sakko-senfgelb\/\",\"url\":\"https:\/\/www.kostuemebreuer.de\/english\/produkt\/jahrhundertwende-sakko-senfgelb\/\",\"name\":\"Jahrhundertwende \u2013 Biedermeier Outfit \u2013 Herren \u2013 Senfgelb (Weste und Plastron) - Costumes Breuer\",\"isPartOf\":{\"@id\":\"https:\/\/www.kostuemebreuer.de\/english\/#website\"},\"primaryImageOfPage\":{\"@id\":\"https:\/\/www.kostuemebreuer.de\/english\/produkt\/jahrhundertwende-sakko-senfgelb\/#primaryimage\"},\"image\":{\"@id\":\"https:\/\/www.kostuemebreuer.de\/english\/produkt\/jahrhundertwende-sakko-senfgelb\/#primaryimage\"},\"thumbnailUrl\":\"https:\/\/www.kostuemebreuer.de\/english\/wp-content\/uploads\/sites\/6\/Sakko-gelb-kariert.jpg\",\"datePublished\":\"2016-04-20T14:38:44+00:00\",\"dateModified\":\"2023-12-02T04:01:51+00:00\",\"description\":\"Jahrhundertwende \u2013 Biedermeier Outfit \u2013 Herren \u2013 Senfgelb, bestehend aus einer dunkelblauen Weste mit goldenen Kn\u00f6pfen und einem blauen Plastron, wahlweise erweiterbar mit einem wei\u00dfen Hemd und einer Hose (Paket 2), sowie einem senfgelben Sakko. (Paket 3)\",\"breadcrumb\":{\"@id\":\"https:\/\/www.kostuemebreuer.de\/english\/produkt\/jahrhundertwende-sakko-senfgelb\/#breadcrumb\"},\"inLanguage\":\"en-GB\",\"potentialAction\":[{\"@type\":\"ReadAction\",\"target\":[\"https:\/\/www.kostuemebreuer.de\/english\/produkt\/jahrhundertwende-sakko-senfgelb\/\"]}]},{\"@type\":\"ImageObject\",\"inLanguage\":\"en-GB\",\"@id\":\"https:\/\/www.kostuemebreuer.de\/english\/produkt\/jahrhundertwende-sakko-senfgelb\/#primaryimage\",\"url\":\"https:\/\/www.kostuemebreuer.de\/english\/wp-content\/uploads\/sites\/6\/Sakko-gelb-kariert.jpg\",\"contentUrl\":\"https:\/\/www.kostuemebreuer.de\/english\/wp-content\/uploads\/sites\/6\/Sakko-gelb-kariert.jpg\",\"width\":443,\"height\":800},{\"@type\":\"BreadcrumbList\",\"@id\":\"https:\/\/www.kostuemebreuer.de\/english\/produkt\/jahrhundertwende-sakko-senfgelb\/#breadcrumb\",\"itemListElement\":[{\"@type\":\"ListItem\",\"position\":1,\"name\":\"Startseite\",\"item\":\"https:\/\/www.kostuemebreuer.de\/english\/\"},{\"@type\":\"ListItem\",\"position\":2,\"name\":\"Kost\u00fcme\",\"item\":\"https:\/\/www.kostuemebreuer.de\/english\/kostueme\/\"},{\"@type\":\"ListItem\",\"position\":3,\"name\":\"Jahrhundertwende \u2013 Biedermeier Outfit \u2013 Herren \u2013 Senfgelb (Weste und Plastron)\"}]},{\"@type\":\"WebSite\",\"@id\":\"https:\/\/www.kostuemebreuer.de\/english\/#website\",\"url\":\"https:\/\/www.kostuemebreuer.de\/english\/\",\"name\":\"Kost\u00fcme Breuer in M\u00fcnchen\",\"description\":\"Kost\u00fcmverleih\",\"publisher\":{\"@id\":\"https:\/\/www.kostuemebreuer.de\/english\/#organization\"},\"alternateName\":\"Kost\u00fcmverleih Breuer\",\"potentialAction\":[{\"@type\":\"SearchAction\",\"target\":{\"@type\":\"EntryPoint\",\"urlTemplate\":\"https:\/\/www.kostuemebreuer.de\/english\/?s={search_term_string}\"},\"query-input\":{\"@type\":\"PropertyValueSpecification\",\"valueRequired\":true,\"valueName\":\"search_term_string\"}}],\"inLanguage\":\"en-GB\"},{\"@type\":\"Organization\",\"@id\":\"https:\/\/www.kostuemebreuer.de\/english\/#organization\",\"name\":\"Kost\u00fcme Breuer in M\u00fcnchen\",\"url\":\"https:\/\/www.kostuemebreuer.de\/english\/\",\"logo\":{\"@type\":\"ImageObject\",\"inLanguage\":\"en-GB\",\"@id\":\"https:\/\/www.kostuemebreuer.de\/english\/#\/schema\/logo\/image\/\",\"url\":\"https:\/\/www.kostuemebreuer.de\/english\/wp-content\/uploads\/sites\/6\/logo.svg\",\"contentUrl\":\"https:\/\/www.kostuemebreuer.de\/english\/wp-content\/uploads\/sites\/6\/logo.svg\",\"caption\":\"Kost\u00fcme Breuer in M\u00fcnchen\"},\"image\":{\"@id\":\"https:\/\/www.kostuemebreuer.de\/english\/#\/schema\/logo\/image\/\"},\"sameAs\":[\"https:\/\/www.facebook.com\/Kostuemebreuer\/?locale=de_DE\",\"https:\/\/www.instagram.com\/kostuemebreuer\/\"]}]}<\/script>\n<!-- \/ Yoast SEO plugin. -->","yoast_head_json":{"title":"Jahrhundertwende \u2013 Biedermeier Outfit \u2013 Herren \u2013 Senfgelb (Weste und Plastron) - Costumes Breuer","description":"Jahrhundertwende \u2013 Biedermeier Outfit \u2013 Herren \u2013 Senfgelb, bestehend aus einer dunkelblauen Weste mit goldenen Kn\u00f6pfen und einem blauen Plastron, wahlweise erweiterbar mit einem wei\u00dfen Hemd und einer Hose (Paket 2), sowie einem senfgelben Sakko. (Paket 3)","robots":{"index":"index","follow":"follow","max-snippet":"max-snippet:-1","max-image-preview":"max-image-preview:large","max-video-preview":"max-video-preview:-1"},"canonical":"https:\/\/www.kostuemebreuer.de\/english\/produkt\/jahrhundertwende-sakko-senfgelb\/","og_locale":"en_GB","og_type":"article","og_title":"Jahrhundertwende \u2013 Biedermeier Outfit \u2013 Herren \u2013 Senfgelb (Weste und Plastron) - Costumes Breuer","og_description":"Jahrhundertwende \u2013 Biedermeier Outfit \u2013 Herren \u2013 Senfgelb, bestehend aus einer dunkelblauen Weste mit goldenen Kn\u00f6pfen und einem blauen Plastron, wahlweise erweiterbar mit einem wei\u00dfen Hemd und einer Hose (Paket 2), sowie einem senfgelben Sakko. (Paket 3)","og_url":"https:\/\/www.kostuemebreuer.de\/english\/produkt\/jahrhundertwende-sakko-senfgelb\/","og_site_name":"Costumes Breuer","article_publisher":"https:\/\/www.facebook.com\/Kostuemebreuer\/?locale=de_DE","article_modified_time":"2023-12-02T04:01:51+00:00","og_image":[{"width":443,"height":800,"url":"https:\/\/www.kostuemebreuer.de\/english\/wp-content\/uploads\/sites\/6\/Sakko-gelb-kariert.jpg","type":"image\/jpeg"}],"twitter_card":"summary_large_image","schema":{"@context":"https:\/\/schema.org","@graph":[{"@type":"WebPage","@id":"https:\/\/www.kostuemebreuer.de\/english\/produkt\/jahrhundertwende-sakko-senfgelb\/","url":"https:\/\/www.kostuemebreuer.de\/english\/produkt\/jahrhundertwende-sakko-senfgelb\/","name":"Jahrhundertwende \u2013 Biedermeier Outfit \u2013 Herren \u2013 Senfgelb (Weste und Plastron) - Costumes Breuer","isPartOf":{"@id":"https:\/\/www.kostuemebreuer.de\/english\/#website"},"primaryImageOfPage":{"@id":"https:\/\/www.kostuemebreuer.de\/english\/produkt\/jahrhundertwende-sakko-senfgelb\/#primaryimage"},"image":{"@id":"https:\/\/www.kostuemebreuer.de\/english\/produkt\/jahrhundertwende-sakko-senfgelb\/#primaryimage"},"thumbnailUrl":"https:\/\/www.kostuemebreuer.de\/english\/wp-content\/uploads\/sites\/6\/Sakko-gelb-kariert.jpg","datePublished":"2016-04-20T14:38:44+00:00","dateModified":"2023-12-02T04:01:51+00:00","description":"Jahrhundertwende \u2013 Biedermeier Outfit \u2013 Herren \u2013 Senfgelb, bestehend aus einer dunkelblauen Weste mit goldenen Kn\u00f6pfen und einem blauen Plastron, wahlweise erweiterbar mit einem wei\u00dfen Hemd und einer Hose (Paket 2), sowie einem senfgelben Sakko. (Paket 3)","breadcrumb":{"@id":"https:\/\/www.kostuemebreuer.de\/english\/produkt\/jahrhundertwende-sakko-senfgelb\/#breadcrumb"},"inLanguage":"en-GB","potentialAction":[{"@type":"ReadAction","target":["https:\/\/www.kostuemebreuer.de\/english\/produkt\/jahrhundertwende-sakko-senfgelb\/"]}]},{"@type":"ImageObject","inLanguage":"en-GB","@id":"https:\/\/www.kostuemebreuer.de\/english\/produkt\/jahrhundertwende-sakko-senfgelb\/#primaryimage","url":"https:\/\/www.kostuemebreuer.de\/english\/wp-content\/uploads\/sites\/6\/Sakko-gelb-kariert.jpg","contentUrl":"https:\/\/www.kostuemebreuer.de\/english\/wp-content\/uploads\/sites\/6\/Sakko-gelb-kariert.jpg","width":443,"height":800},{"@type":"BreadcrumbList","@id":"https:\/\/www.kostuemebreuer.de\/english\/produkt\/jahrhundertwende-sakko-senfgelb\/#breadcrumb","itemListElement":[{"@type":"ListItem","position":1,"name":"Startseite","item":"https:\/\/www.kostuemebreuer.de\/english\/"},{"@type":"ListItem","position":2,"name":"Kost\u00fcme","item":"https:\/\/www.kostuemebreuer.de\/english\/kostueme\/"},{"@type":"ListItem","position":3,"name":"Jahrhundertwende \u2013 Biedermeier Outfit \u2013 Herren \u2013 Senfgelb (Weste und Plastron)"}]},{"@type":"WebSite","@id":"https:\/\/www.kostuemebreuer.de\/english\/#website","url":"https:\/\/www.kostuemebreuer.de\/english\/","name":"Kost\u00fcme Breuer in M\u00fcnchen","description":"Kost\u00fcmverleih","publisher":{"@id":"https:\/\/www.kostuemebreuer.de\/english\/#organization"},"alternateName":"Kost\u00fcmverleih Breuer","potentialAction":[{"@type":"SearchAction","target":{"@type":"EntryPoint","urlTemplate":"https:\/\/www.kostuemebreuer.de\/english\/?s={search_term_string}"},"query-input":{"@type":"PropertyValueSpecification","valueRequired":true,"valueName":"search_term_string"}}],"inLanguage":"en-GB"},{"@type":"Organization","@id":"https:\/\/www.kostuemebreuer.de\/english\/#organization","name":"Kost\u00fcme Breuer in M\u00fcnchen","url":"https:\/\/www.kostuemebreuer.de\/english\/","logo":{"@type":"ImageObject","inLanguage":"en-GB","@id":"https:\/\/www.kostuemebreuer.de\/english\/#\/schema\/logo\/image\/","url":"https:\/\/www.kostuemebreuer.de\/english\/wp-content\/uploads\/sites\/6\/logo.svg","contentUrl":"https:\/\/www.kostuemebreuer.de\/english\/wp-content\/uploads\/sites\/6\/logo.svg","caption":"Kost\u00fcme Breuer in M\u00fcnchen"},"image":{"@id":"https:\/\/www.kostuemebreuer.de\/english\/#\/schema\/logo\/image\/"},"sameAs":["https:\/\/www.facebook.com\/Kostuemebreuer\/?locale=de_DE","https:\/\/www.instagram.com\/kostuemebreuer\/"]}]}},"acf":[],"_links":{"self":[{"href":"https:\/\/www.kostuemebreuer.de\/english\/wp-json\/wp\/v2\/product\/7282","targetHints":{"allow":["GET"]}}],"collection":[{"href":"https:\/\/www.kostuemebreuer.de\/english\/wp-json\/wp\/v2\/product"}],"about":[{"href":"https:\/\/www.kostuemebreuer.de\/english\/wp-json\/wp\/v2\/types\/product"}],"wp:featuredmedia":[{"embeddable":true,"href":"https:\/\/www.kostuemebreuer.de\/english\/wp-json\/wp\/v2\/media\/7283"}],"wp:attachment":[{"href":"https:\/\/www.kostuemebreuer.de\/english\/wp-json\/wp\/v2\/media?parent=7282"}],"wp:term":[{"taxonomy":"product_brand","embeddable":true,"href":"https:\/\/www.kostuemebreuer.de\/english\/wp-json\/wp\/v2\/product_brand?post=7282"},{"taxonomy":"product_cat","embeddable":true,"href":"https:\/\/www.kostuemebreuer.de\/english\/wp-json\/wp\/v2\/product_cat?post=7282"},{"taxonomy":"product_tag","embeddable":true,"href":"https:\/\/www.kostuemebreuer.de\/english\/wp-json\/wp\/v2\/product_tag?post=7282"}],"curies":[{"name":"wp","href":"https:\/\/api.w.org\/{rel}","templated":true}]}}