{"id":7278,"date":"2016-04-20T16:15:35","date_gmt":"2016-04-20T14:15:35","guid":{"rendered":"https:\/\/www.kostuemverleih.com\/?post_type=product&#038;p=7278"},"modified":"2023-12-02T06:01:51","modified_gmt":"2023-12-02T04:01:51","slug":"jahrhundertwende-gehrock-schwarz","status":"publish","type":"product","link":"https:\/\/www.kostuemebreuer.de\/english\/produkt\/jahrhundertwende-gehrock-schwarz\/","title":{"rendered":"Jahrhundertwende \u2013 Biedermeier Outfit \u2013 Herren \u2013 Schwarz (Weste und Plastron)"},"content":{"rendered":"<p>Jahrhundertwende \u2013 Biedermeier Outfit \u2013 Herren \u2013 Schwarz, bestehend aus einer Weste und schwarzem Plastron, wahlweise erweiterbar mit einem wei\u00dfen Hemd und grauer Hose (Paket 2), sowie einem schwarzen Zylinder, Gestock und Handschuhen (Paket 3), als auch einem Gehrock mit grau dezent abgesetztem Paspol und wei\u00dfem Schal. (Paket 4)<\/p>\n<p>&nbsp;<\/p>\n<p>&nbsp;<\/p>\n","protected":false},"excerpt":{"rendered":"<p>Jahrhundertwende \u2013 Biedermeier Outfit \u2013 Herren \u2013 Schwarz, bestehend aus einer Weste und schwarzem Plastron, wahlweise erweiterbar mit einem <strong>wei\u00dfen Hemd und grauer Hose<\/strong> (Paket 2), sowie einem schwarzen <strong>Zylinder, Gestock und Handschuhen<\/strong> (Paket 3), als auch einem <strong>Gehrock mit grau dezent abgesetztem Paspol und wei\u00dfem Schal<\/strong>. (Paket 4)<\/p>\n","protected":false},"featured_media":7279,"template":"","meta":{"_acf_changed":false},"product_brand":[],"product_cat":[226,33,29],"product_tag":[216,118,42],"class_list":{"0":"post-7278","1":"product","2":"type-product","3":"status-publish","4":"has-post-thumbnail","6":"product_cat-aussergewoehnlichesherren","7":"product_cat-herrenmode","8":"product_cat-kostueme","9":"product_tag-biedermeier","10":"product_tag-jahrhundertwende","11":"product_tag-schwarz","12":"product_shipping_class-versandklasse-2","13":"infinite-scroll-item","15":"first","16":"instock","17":"taxable","18":"shipping-taxable","19":"purchasable","20":"product-type-simple"},"yoast_head":"<!-- This site is optimized with the Yoast SEO plugin v27.2 - https:\/\/yoast.com\/product\/yoast-seo-wordpress\/ -->\n<title>Jahrhundertwende \u2013 Biedermeier Outfit \u2013 Herren \u2013 Schwarz (Weste und Plastron) - Costumes Breuer<\/title>\n<meta name=\"description\" content=\"Jahrhundertwende \u2013 Biedermeier Outfit \u2013 Herren \u2013 Schwarz, bestehend aus einer Weste und schwarzem Plastron, wahlweise erweiterbar mit einem wei\u00dfen Hemd und grauer Hose (Paket 2), sowie einem schwarzen Zylinder, Gestock und Handschuhen (Paket 3), als auch einem Gehrock mit grau dezent abgesetztem Paspol und wei\u00dfem Schal. (Paket 4)\" \/>\n<meta name=\"robots\" content=\"index, follow, max-snippet:-1, max-image-preview:large, max-video-preview:-1\" \/>\n<link rel=\"canonical\" href=\"https:\/\/www.kostuemebreuer.de\/english\/produkt\/jahrhundertwende-gehrock-schwarz\/\" \/>\n<meta property=\"og:locale\" content=\"en_GB\" \/>\n<meta property=\"og:type\" content=\"article\" \/>\n<meta property=\"og:title\" content=\"Jahrhundertwende \u2013 Biedermeier Outfit \u2013 Herren \u2013 Schwarz (Weste und Plastron) - Costumes Breuer\" \/>\n<meta property=\"og:description\" content=\"Jahrhundertwende \u2013 Biedermeier Outfit \u2013 Herren \u2013 Schwarz, bestehend aus einer Weste und schwarzem Plastron, wahlweise erweiterbar mit einem wei\u00dfen Hemd und grauer Hose (Paket 2), sowie einem schwarzen Zylinder, Gestock und Handschuhen (Paket 3), als auch einem Gehrock mit grau dezent abgesetztem Paspol und wei\u00dfem Schal. (Paket 4)\" \/>\n<meta property=\"og:url\" content=\"https:\/\/www.kostuemebreuer.de\/english\/produkt\/jahrhundertwende-gehrock-schwarz\/\" \/>\n<meta property=\"og:site_name\" content=\"Costumes Breuer\" \/>\n<meta property=\"article:publisher\" content=\"https:\/\/www.facebook.com\/Kostuemebreuer\/?locale=de_DE\" \/>\n<meta property=\"article:modified_time\" content=\"2023-12-02T04:01:51+00:00\" \/>\n<meta property=\"og:image\" content=\"https:\/\/www.kostuemebreuer.de\/english\/wp-content\/uploads\/sites\/6\/Gehrock-wei\u00df-Schal.jpg\" \/>\n\t<meta property=\"og:image:width\" content=\"337\" \/>\n\t<meta property=\"og:image:height\" content=\"800\" \/>\n\t<meta property=\"og:image:type\" content=\"image\/jpeg\" \/>\n<meta name=\"twitter:card\" content=\"summary_large_image\" \/>\n<script type=\"application\/ld+json\" class=\"yoast-schema-graph\">{\"@context\":\"https:\/\/schema.org\",\"@graph\":[{\"@type\":\"WebPage\",\"@id\":\"https:\/\/www.kostuemebreuer.de\/english\/produkt\/jahrhundertwende-gehrock-schwarz\/\",\"url\":\"https:\/\/www.kostuemebreuer.de\/english\/produkt\/jahrhundertwende-gehrock-schwarz\/\",\"name\":\"Jahrhundertwende \u2013 Biedermeier Outfit \u2013 Herren \u2013 Schwarz (Weste und Plastron) - Costumes Breuer\",\"isPartOf\":{\"@id\":\"https:\/\/www.kostuemebreuer.de\/english\/#website\"},\"primaryImageOfPage\":{\"@id\":\"https:\/\/www.kostuemebreuer.de\/english\/produkt\/jahrhundertwende-gehrock-schwarz\/#primaryimage\"},\"image\":{\"@id\":\"https:\/\/www.kostuemebreuer.de\/english\/produkt\/jahrhundertwende-gehrock-schwarz\/#primaryimage\"},\"thumbnailUrl\":\"https:\/\/www.kostuemebreuer.de\/english\/wp-content\/uploads\/sites\/6\/Gehrock-wei\u00df-Schal.jpg\",\"datePublished\":\"2016-04-20T14:15:35+00:00\",\"dateModified\":\"2023-12-02T04:01:51+00:00\",\"description\":\"Jahrhundertwende \u2013 Biedermeier Outfit \u2013 Herren \u2013 Schwarz, bestehend aus einer Weste und schwarzem Plastron, wahlweise erweiterbar mit einem wei\u00dfen Hemd und grauer Hose (Paket 2), sowie einem schwarzen Zylinder, Gestock und Handschuhen (Paket 3), als auch einem Gehrock mit grau dezent abgesetztem Paspol und wei\u00dfem Schal. (Paket 4)\",\"breadcrumb\":{\"@id\":\"https:\/\/www.kostuemebreuer.de\/english\/produkt\/jahrhundertwende-gehrock-schwarz\/#breadcrumb\"},\"inLanguage\":\"en-GB\",\"potentialAction\":[{\"@type\":\"ReadAction\",\"target\":[\"https:\/\/www.kostuemebreuer.de\/english\/produkt\/jahrhundertwende-gehrock-schwarz\/\"]}]},{\"@type\":\"ImageObject\",\"inLanguage\":\"en-GB\",\"@id\":\"https:\/\/www.kostuemebreuer.de\/english\/produkt\/jahrhundertwende-gehrock-schwarz\/#primaryimage\",\"url\":\"https:\/\/www.kostuemebreuer.de\/english\/wp-content\/uploads\/sites\/6\/Gehrock-wei\u00df-Schal.jpg\",\"contentUrl\":\"https:\/\/www.kostuemebreuer.de\/english\/wp-content\/uploads\/sites\/6\/Gehrock-wei\u00df-Schal.jpg\",\"width\":337,\"height\":800},{\"@type\":\"BreadcrumbList\",\"@id\":\"https:\/\/www.kostuemebreuer.de\/english\/produkt\/jahrhundertwende-gehrock-schwarz\/#breadcrumb\",\"itemListElement\":[{\"@type\":\"ListItem\",\"position\":1,\"name\":\"Startseite\",\"item\":\"https:\/\/www.kostuemebreuer.de\/english\/\"},{\"@type\":\"ListItem\",\"position\":2,\"name\":\"Kost\u00fcme\",\"item\":\"https:\/\/www.kostuemebreuer.de\/english\/kostueme\/\"},{\"@type\":\"ListItem\",\"position\":3,\"name\":\"Jahrhundertwende \u2013 Biedermeier Outfit \u2013 Herren \u2013 Schwarz (Weste und Plastron)\"}]},{\"@type\":\"WebSite\",\"@id\":\"https:\/\/www.kostuemebreuer.de\/english\/#website\",\"url\":\"https:\/\/www.kostuemebreuer.de\/english\/\",\"name\":\"Kost\u00fcme Breuer in M\u00fcnchen\",\"description\":\"Kost\u00fcmverleih\",\"publisher\":{\"@id\":\"https:\/\/www.kostuemebreuer.de\/english\/#organization\"},\"alternateName\":\"Kost\u00fcmverleih Breuer\",\"potentialAction\":[{\"@type\":\"SearchAction\",\"target\":{\"@type\":\"EntryPoint\",\"urlTemplate\":\"https:\/\/www.kostuemebreuer.de\/english\/?s={search_term_string}\"},\"query-input\":{\"@type\":\"PropertyValueSpecification\",\"valueRequired\":true,\"valueName\":\"search_term_string\"}}],\"inLanguage\":\"en-GB\"},{\"@type\":\"Organization\",\"@id\":\"https:\/\/www.kostuemebreuer.de\/english\/#organization\",\"name\":\"Kost\u00fcme Breuer in M\u00fcnchen\",\"url\":\"https:\/\/www.kostuemebreuer.de\/english\/\",\"logo\":{\"@type\":\"ImageObject\",\"inLanguage\":\"en-GB\",\"@id\":\"https:\/\/www.kostuemebreuer.de\/english\/#\/schema\/logo\/image\/\",\"url\":\"https:\/\/www.kostuemebreuer.de\/english\/wp-content\/uploads\/sites\/6\/logo.svg\",\"contentUrl\":\"https:\/\/www.kostuemebreuer.de\/english\/wp-content\/uploads\/sites\/6\/logo.svg\",\"caption\":\"Kost\u00fcme Breuer in M\u00fcnchen\"},\"image\":{\"@id\":\"https:\/\/www.kostuemebreuer.de\/english\/#\/schema\/logo\/image\/\"},\"sameAs\":[\"https:\/\/www.facebook.com\/Kostuemebreuer\/?locale=de_DE\",\"https:\/\/www.instagram.com\/kostuemebreuer\/\"]}]}<\/script>\n<!-- \/ Yoast SEO plugin. -->","yoast_head_json":{"title":"Jahrhundertwende \u2013 Biedermeier Outfit \u2013 Herren \u2013 Schwarz (Weste und Plastron) - Costumes Breuer","description":"Jahrhundertwende \u2013 Biedermeier Outfit \u2013 Herren \u2013 Schwarz, bestehend aus einer Weste und schwarzem Plastron, wahlweise erweiterbar mit einem wei\u00dfen Hemd und grauer Hose (Paket 2), sowie einem schwarzen Zylinder, Gestock und Handschuhen (Paket 3), als auch einem Gehrock mit grau dezent abgesetztem Paspol und wei\u00dfem Schal. (Paket 4)","robots":{"index":"index","follow":"follow","max-snippet":"max-snippet:-1","max-image-preview":"max-image-preview:large","max-video-preview":"max-video-preview:-1"},"canonical":"https:\/\/www.kostuemebreuer.de\/english\/produkt\/jahrhundertwende-gehrock-schwarz\/","og_locale":"en_GB","og_type":"article","og_title":"Jahrhundertwende \u2013 Biedermeier Outfit \u2013 Herren \u2013 Schwarz (Weste und Plastron) - Costumes Breuer","og_description":"Jahrhundertwende \u2013 Biedermeier Outfit \u2013 Herren \u2013 Schwarz, bestehend aus einer Weste und schwarzem Plastron, wahlweise erweiterbar mit einem wei\u00dfen Hemd und grauer Hose (Paket 2), sowie einem schwarzen Zylinder, Gestock und Handschuhen (Paket 3), als auch einem Gehrock mit grau dezent abgesetztem Paspol und wei\u00dfem Schal. (Paket 4)","og_url":"https:\/\/www.kostuemebreuer.de\/english\/produkt\/jahrhundertwende-gehrock-schwarz\/","og_site_name":"Costumes Breuer","article_publisher":"https:\/\/www.facebook.com\/Kostuemebreuer\/?locale=de_DE","article_modified_time":"2023-12-02T04:01:51+00:00","og_image":[{"width":337,"height":800,"url":"https:\/\/www.kostuemebreuer.de\/english\/wp-content\/uploads\/sites\/6\/Gehrock-wei\u00df-Schal.jpg","type":"image\/jpeg"}],"twitter_card":"summary_large_image","schema":{"@context":"https:\/\/schema.org","@graph":[{"@type":"WebPage","@id":"https:\/\/www.kostuemebreuer.de\/english\/produkt\/jahrhundertwende-gehrock-schwarz\/","url":"https:\/\/www.kostuemebreuer.de\/english\/produkt\/jahrhundertwende-gehrock-schwarz\/","name":"Jahrhundertwende \u2013 Biedermeier Outfit \u2013 Herren \u2013 Schwarz (Weste und Plastron) - Costumes Breuer","isPartOf":{"@id":"https:\/\/www.kostuemebreuer.de\/english\/#website"},"primaryImageOfPage":{"@id":"https:\/\/www.kostuemebreuer.de\/english\/produkt\/jahrhundertwende-gehrock-schwarz\/#primaryimage"},"image":{"@id":"https:\/\/www.kostuemebreuer.de\/english\/produkt\/jahrhundertwende-gehrock-schwarz\/#primaryimage"},"thumbnailUrl":"https:\/\/www.kostuemebreuer.de\/english\/wp-content\/uploads\/sites\/6\/Gehrock-wei\u00df-Schal.jpg","datePublished":"2016-04-20T14:15:35+00:00","dateModified":"2023-12-02T04:01:51+00:00","description":"Jahrhundertwende \u2013 Biedermeier Outfit \u2013 Herren \u2013 Schwarz, bestehend aus einer Weste und schwarzem Plastron, wahlweise erweiterbar mit einem wei\u00dfen Hemd und grauer Hose (Paket 2), sowie einem schwarzen Zylinder, Gestock und Handschuhen (Paket 3), als auch einem Gehrock mit grau dezent abgesetztem Paspol und wei\u00dfem Schal. (Paket 4)","breadcrumb":{"@id":"https:\/\/www.kostuemebreuer.de\/english\/produkt\/jahrhundertwende-gehrock-schwarz\/#breadcrumb"},"inLanguage":"en-GB","potentialAction":[{"@type":"ReadAction","target":["https:\/\/www.kostuemebreuer.de\/english\/produkt\/jahrhundertwende-gehrock-schwarz\/"]}]},{"@type":"ImageObject","inLanguage":"en-GB","@id":"https:\/\/www.kostuemebreuer.de\/english\/produkt\/jahrhundertwende-gehrock-schwarz\/#primaryimage","url":"https:\/\/www.kostuemebreuer.de\/english\/wp-content\/uploads\/sites\/6\/Gehrock-wei\u00df-Schal.jpg","contentUrl":"https:\/\/www.kostuemebreuer.de\/english\/wp-content\/uploads\/sites\/6\/Gehrock-wei\u00df-Schal.jpg","width":337,"height":800},{"@type":"BreadcrumbList","@id":"https:\/\/www.kostuemebreuer.de\/english\/produkt\/jahrhundertwende-gehrock-schwarz\/#breadcrumb","itemListElement":[{"@type":"ListItem","position":1,"name":"Startseite","item":"https:\/\/www.kostuemebreuer.de\/english\/"},{"@type":"ListItem","position":2,"name":"Kost\u00fcme","item":"https:\/\/www.kostuemebreuer.de\/english\/kostueme\/"},{"@type":"ListItem","position":3,"name":"Jahrhundertwende \u2013 Biedermeier Outfit \u2013 Herren \u2013 Schwarz (Weste und Plastron)"}]},{"@type":"WebSite","@id":"https:\/\/www.kostuemebreuer.de\/english\/#website","url":"https:\/\/www.kostuemebreuer.de\/english\/","name":"Kost\u00fcme Breuer in M\u00fcnchen","description":"Kost\u00fcmverleih","publisher":{"@id":"https:\/\/www.kostuemebreuer.de\/english\/#organization"},"alternateName":"Kost\u00fcmverleih Breuer","potentialAction":[{"@type":"SearchAction","target":{"@type":"EntryPoint","urlTemplate":"https:\/\/www.kostuemebreuer.de\/english\/?s={search_term_string}"},"query-input":{"@type":"PropertyValueSpecification","valueRequired":true,"valueName":"search_term_string"}}],"inLanguage":"en-GB"},{"@type":"Organization","@id":"https:\/\/www.kostuemebreuer.de\/english\/#organization","name":"Kost\u00fcme Breuer in M\u00fcnchen","url":"https:\/\/www.kostuemebreuer.de\/english\/","logo":{"@type":"ImageObject","inLanguage":"en-GB","@id":"https:\/\/www.kostuemebreuer.de\/english\/#\/schema\/logo\/image\/","url":"https:\/\/www.kostuemebreuer.de\/english\/wp-content\/uploads\/sites\/6\/logo.svg","contentUrl":"https:\/\/www.kostuemebreuer.de\/english\/wp-content\/uploads\/sites\/6\/logo.svg","caption":"Kost\u00fcme Breuer in M\u00fcnchen"},"image":{"@id":"https:\/\/www.kostuemebreuer.de\/english\/#\/schema\/logo\/image\/"},"sameAs":["https:\/\/www.facebook.com\/Kostuemebreuer\/?locale=de_DE","https:\/\/www.instagram.com\/kostuemebreuer\/"]}]}},"acf":[],"_links":{"self":[{"href":"https:\/\/www.kostuemebreuer.de\/english\/wp-json\/wp\/v2\/product\/7278","targetHints":{"allow":["GET"]}}],"collection":[{"href":"https:\/\/www.kostuemebreuer.de\/english\/wp-json\/wp\/v2\/product"}],"about":[{"href":"https:\/\/www.kostuemebreuer.de\/english\/wp-json\/wp\/v2\/types\/product"}],"wp:featuredmedia":[{"embeddable":true,"href":"https:\/\/www.kostuemebreuer.de\/english\/wp-json\/wp\/v2\/media\/7279"}],"wp:attachment":[{"href":"https:\/\/www.kostuemebreuer.de\/english\/wp-json\/wp\/v2\/media?parent=7278"}],"wp:term":[{"taxonomy":"product_brand","embeddable":true,"href":"https:\/\/www.kostuemebreuer.de\/english\/wp-json\/wp\/v2\/product_brand?post=7278"},{"taxonomy":"product_cat","embeddable":true,"href":"https:\/\/www.kostuemebreuer.de\/english\/wp-json\/wp\/v2\/product_cat?post=7278"},{"taxonomy":"product_tag","embeddable":true,"href":"https:\/\/www.kostuemebreuer.de\/english\/wp-json\/wp\/v2\/product_tag?post=7278"}],"curies":[{"name":"wp","href":"https:\/\/api.w.org\/{rel}","templated":true}]}}